{"id":101,"date":"2018-05-03T22:47:00","date_gmt":"2018-05-03T20:47:00","guid":{"rendered":"https:\/\/sitesize.net\/lac\/?page_id=101"},"modified":"2021-07-15T18:18:04","modified_gmt":"2021-07-15T16:18:04","slug":"contactar-politica-de-privacitat","status":"publish","type":"page","link":"https:\/\/sitesize.net\/lac\/contactar-politica-de-privacitat\/","title":{"rendered":"Contactar (pol\u00edtica de privacitat)"},"content":{"rendered":"\r\n<h5 class=\"wp-block-heading\">mail: info(a)sitesize.net<\/h5>\r\n\r\n\r\n\r\n<h6 class=\"wp-block-heading\"><em>Aquest \u00e9s el tractament de les teves dades personals,\u00a0 per adaptar la nostra pol\u00edtica de privacitat al nou Reglament general de protecci\u00f3 de dades de la Uni\u00f3 Europea, que s\u2019aplicar\u00e0 a partir del 25 de maig de 2018 a Europa:<\/em><\/h6>\r\n\r\n\r\n\r\n<ul class=\"wp-block-list\">\r\n<li><em>Les adreces de mail que rebem nom\u00e9s s\u2019utilitzaran per enviar correus electr\u00f2nics.<\/em><\/li>\r\n<li><em>No es comunicaran a tercers sense consentiment previ.<\/em><\/li>\r\n<li><em>Es poden exercir els drets d\u2019acc\u00e9s, rectificaci\u00f3, supressi\u00f3, oposici\u00f3 i limitaci\u00f3 en el tractament d\u2019acord amb el que preveu el Reglament (UE) 2016\/679.<\/em><\/li>\r\n<li><em>El responsable del tractament de les dades personals \u00e9s l\u2019associaci\u00f3 cultural Sitesize.<\/em><\/li>\r\n<\/ul>\r\n\r\n\r\n\r\n<h6 class=\"wp-block-heading\">POL\u00cdTICA DE PRIVACITAT:<\/h6>\r\n\r\n\r\n\r\n<h6 class=\"wp-block-heading\">Qui som?<br \/>Associaci\u00f3 Cultural Sitesize<br \/>CIF: G65971624<br \/>La nostra adre\u00e7a web \u00e9s: https:\/\/sitesize.net<\/h6>\r\n\r\n\r\n\r\n<h6 class=\"wp-block-heading\">Quines dades personals recollim i per qu\u00e8<\/h6>\r\n\r\n\r\n\r\n<h6 class=\"wp-block-heading\">Comentaris<\/h6>\r\n\r\n\r\n\r\n<h6 class=\"wp-block-heading\">Quan els visitants deixen comentaris a la web, recollim les dades que es<br \/>mostren al formulari de contacte, aix\u00ed com tamb\u00e9 l&#8217;adre\u00e7a IP del<br \/>visitant i la cadena de l&#8217;agent de l&#8217;usuari del navegador per ajudar a<br \/>la detecci\u00f3 de missatges brossa.<\/h6>\r\n\r\n\r\n\r\n<h6 class=\"wp-block-heading\">Una cadena anonimitzada creada a partir del correu electr\u00f2nic (tamb\u00e9<br \/>nomenat un hash) pot proporcionar-se al servei Gravatar per veure si<br \/>l&#8217;esteu usant. La pol\u00edtica de privadesa del servei Gravatar est\u00e0<br \/>disponible aqu\u00ed: <a href=\"https:\/\/automattic.com\/privacy\/\" target=\"_blank\" rel=\"noreferrer noopener\">https:\/\/automattic.com\/privacy\/<\/a>. Una vegada aprovat el<br \/>comentari, la imatge del vostre perfil \u00e9s visible al p\u00fablic al context<br \/>del comentari.<\/h6>\r\n\r\n\r\n\r\n<h6 class=\"wp-block-heading\">M\u00e8dia<\/h6>\r\n\r\n\r\n\r\n<h6 class=\"wp-block-heading\">Si pugeu imatges al lloc web, heu d&#8217;evitar pujar imatges que incloguin<br \/>dades de geolocalitzaci\u00f3 (EXIF GPS) incrustades. Els visitants del lloc<br \/>web poden descarregar i extreure qualsevol informaci\u00f3 de les imatges de<br \/>la web.<\/h6>\r\n\r\n\r\n\r\n<h6 class=\"wp-block-heading\">Formularis de contacte<\/h6>\r\n\r\n\r\n\r\n<h6 class=\"wp-block-heading\">Galetes<\/h6>\r\n\r\n\r\n\r\n<h6 class=\"wp-block-heading\">Si deixeu un comentari en la p\u00e0gina web, podeu optar per desar el nom,<br \/>l&#8217;adre\u00e7a de correu electr\u00f2nic i la p\u00e0gina web en les galetes. Aix\u00f2 \u00e9s<br \/>per la vostra comoditat per a qu\u00e8 no hagueu d&#8217;emplenar les dades de nou<br \/>quan feu un altre comentari. Aquestes galetes duraran un any.<\/h6>\r\n\r\n\r\n\r\n<h6 class=\"wp-block-heading\">Si teniu un compte i inicieu sessi\u00f3 en aquesta p\u00e0gina web, es definir\u00e0<br \/>una galeta temporal per determinar si el navegador accepta galetes.<br \/>Aquesta galeta no cont\u00e9 dades personals i es descartar\u00e0 quan tanqueu el<br \/>navegador.<\/h6>\r\n\r\n\r\n\r\n<h6 class=\"wp-block-heading\">Quan inicieu sessi\u00f3, tamb\u00e9 es configuraran diverses galetes per desar la<br \/>informaci\u00f3 d&#8217;inici de sessi\u00f3 i les opcions de visualitzaci\u00f3 de la<br \/>pantalla. Les galeres d&#8217;inici de sessi\u00f3 duren dos dies, i les galetes de<br \/>les opcions de pantalla duren un any. Si seleccioneu &#8220;Recordeu-me&#8221;,<br \/>l&#8217;inici de sessi\u00f3 persistir\u00e0 durant dos setmanes. Si finalitzeu la<br \/>sessi\u00f3, les galetes d&#8217;inici de sessi\u00f3 seran suprimides.<\/h6>\r\n\r\n\r\n\r\n<h6 class=\"wp-block-heading\">Si editeu o publiqueu un article, una galeta addicional es desar\u00e0 al<br \/>navegador. Aquesta galeta no inclou dades personals i simplement indica<br \/>l&#8217;identificador de l&#8217;entrada que acabeu d&#8217;editar. Expira despr\u00e9s d&#8217;1 dia.<br \/>Contingut incrustat d&#8217;altres llocs web<\/h6>\r\n\r\n\r\n\r\n<h6 class=\"wp-block-heading\">Els articles en aquesta p\u00e0gina web inclou contingut incrustat (per<br \/>exemple, v\u00eddeos, imatges, articles, etc.). El contingut incrustat des<br \/>d&#8217;altres p\u00e0gines web es comporta exactament de la mateixa manera com si<br \/>el visitant estiguera visitant l&#8217;altra p\u00e0gina web.<\/h6>\r\n\r\n\r\n\r\n<h6 class=\"wp-block-heading\">Aquestes p\u00e0gines web poden recollir dades sobre v\u00f3s, fer servir galetes,<br \/>incrustar seguiment addicional de terceres parts, i monitoritzar la<br \/>interacci\u00f3 amb el contingut incrustat, incloent la tra\u00e7a de la<br \/>interacci\u00f3 amb el contingut incrustat si teniu un compte i heu iniciat<br \/>sessi\u00f3 en aquesta p\u00e0gina web.<\/h6>\r\n\r\n\r\n\r\n<h6 class=\"wp-block-heading\">Anal\u00edtiques<\/h6>\r\n\r\n\r\n\r\n<h6 class=\"wp-block-heading\">Amb qui compartim les vostres dades<\/h6>\r\n\r\n\r\n\r\n<h6 class=\"wp-block-heading\">Quant de temps retenim les dades<\/h6>\r\n\r\n\r\n\r\n<h6 class=\"wp-block-heading\">Si deixeu un comentari, el comentari i les seves dades meta es retenen<br \/>indefinidament. Aix\u00f2 \u00e9s per poder recon\u00e8ixer i aprovar autom\u00e0ticament<br \/>qualsevol comentari de seguiment en lloc de mantenir-los en la cua de<br \/>moderaci\u00f3.<\/h6>\r\n\r\n\r\n\r\n<h6 class=\"wp-block-heading\">Per als usuaris que es registren en la web (si hi ha), tamb\u00e9<br \/>emmagatzemem la informaci\u00f3 personal que proporcionen al seu perfil<br \/>d&#8217;usuari. Tots els usuaris poden veure, editar o suprimir la seva<br \/>informaci\u00f3 personal en qualsevol moment (excepte que no poden canviar el<br \/>seu nom d&#8217;usuari). Els administradors de la p\u00e0gina web poden tamb\u00e9<br \/>editar aquesta informaci\u00f3.<\/h6>\r\n\r\n\r\n\r\n<h6 class=\"wp-block-heading\">Quins drets teniu sobre les vostres dades<\/h6>\r\n\r\n\r\n\r\n<h6 class=\"wp-block-heading\">Si teniu un compte en aquest lloc web o hi heu deixat comentaris, podeu<br \/>demanar que us enviem un fitxer d&#8217;exportaci\u00f3 de les vostres dades<br \/>personals, incloent totes les dades que ens hagueu proporcionat. Tamb\u00e9<br \/>podeu demanar que esborrem qualsevol dada personal vostra que tinguem.<br \/>Aix\u00f2 no inclou les dades que estiguem obligats a conservar amb prop\u00f2sits<br \/>administratius, legals o de seguretat.<\/h6>\r\n\r\n\r\n\r\n<h6 class=\"wp-block-heading\">On enviem les vostres dades<\/h6>\r\n\r\n\r\n\r\n<h6 class=\"wp-block-heading\">Els comentaris dels visitants han de ser comprovats mitjan\u00e7ant un servei<br \/>de detecci\u00f3 de brossa automatitzat.<\/h6>\r\n\r\n\r\n\r\n<h6 class=\"wp-block-heading\">Informaci\u00f3 de contacte<br \/>info(a)sitesize.net<\/h6>\r\n","protected":false},"excerpt":{"rendered":"<p>mail: info(a)sitesize.net Aquest \u00e9s el tractament de les teves dades personals,\u00a0 per adaptar la nostra pol\u00edtica de privacitat al nou&#8230;<\/p>\n","protected":false},"author":2,"featured_media":0,"parent":0,"menu_order":0,"comment_status":"closed","ping_status":"closed","template":"","meta":{"footnotes":""},"class_list":["post-101","page","type-page","status-publish","hentry"],"yoast_head":"<!-- This site is optimized with the Yoast SEO plugin v27.1.1 - https:\/\/yoast.com\/product\/yoast-seo-wordpress\/ -->\n<title>Contactar (pol\u00edtica de privacitat) - Laboratori d&#039;Aprenentatge Comunitari<\/title>\n<meta name=\"robots\" content=\"index, follow, max-snippet:-1, max-image-preview:large, max-video-preview:-1\" \/>\n<link rel=\"canonical\" href=\"https:\/\/sitesize.net\/lac\/contactar-politica-de-privacitat\/\" \/>\n<meta property=\"og:locale\" content=\"ca_ES\" \/>\n<meta property=\"og:type\" content=\"article\" \/>\n<meta property=\"og:title\" content=\"Contactar (pol\u00edtica de privacitat) - Laboratori d&#039;Aprenentatge Comunitari\" \/>\n<meta property=\"og:description\" content=\"mail: info(a)sitesize.net Aquest \u00e9s el tractament de les teves dades personals,\u00a0 per adaptar la nostra pol\u00edtica de privacitat al nou...\" \/>\n<meta property=\"og:url\" content=\"https:\/\/sitesize.net\/lac\/contactar-politica-de-privacitat\/\" \/>\n<meta property=\"og:site_name\" content=\"Laboratori d&#039;Aprenentatge Comunitari\" \/>\n<meta property=\"article:modified_time\" content=\"2021-07-15T16:18:04+00:00\" \/>\n<meta name=\"twitter:card\" content=\"summary_large_image\" \/>\n<meta name=\"twitter:label1\" content=\"Est. reading time\" \/>\n\t<meta name=\"twitter:data1\" content=\"4 minuts\" \/>\n<script type=\"application\/ld+json\" class=\"yoast-schema-graph\">{\"@context\":\"https:\/\/schema.org\",\"@graph\":[{\"@type\":\"WebPage\",\"@id\":\"https:\/\/sitesize.net\/lac\/contactar-politica-de-privacitat\/\",\"url\":\"https:\/\/sitesize.net\/lac\/contactar-politica-de-privacitat\/\",\"name\":\"Contactar (pol\u00edtica de privacitat) - Laboratori d&#039;Aprenentatge Comunitari\",\"isPartOf\":{\"@id\":\"https:\/\/sitesize.net\/lac\/#website\"},\"datePublished\":\"2018-05-03T20:47:00+00:00\",\"dateModified\":\"2021-07-15T16:18:04+00:00\",\"breadcrumb\":{\"@id\":\"https:\/\/sitesize.net\/lac\/contactar-politica-de-privacitat\/#breadcrumb\"},\"inLanguage\":\"ca\",\"potentialAction\":[{\"@type\":\"ReadAction\",\"target\":[\"https:\/\/sitesize.net\/lac\/contactar-politica-de-privacitat\/\"]}]},{\"@type\":\"BreadcrumbList\",\"@id\":\"https:\/\/sitesize.net\/lac\/contactar-politica-de-privacitat\/#breadcrumb\",\"itemListElement\":[{\"@type\":\"ListItem\",\"position\":1,\"name\":\"Home\",\"item\":\"https:\/\/sitesize.net\/lac\/\"},{\"@type\":\"ListItem\",\"position\":2,\"name\":\"Contactar (pol\u00edtica de privacitat)\"}]},{\"@type\":\"WebSite\",\"@id\":\"https:\/\/sitesize.net\/lac\/#website\",\"url\":\"https:\/\/sitesize.net\/lac\/\",\"name\":\"Laboratori d&#039;Aprenentatge Comunitari\",\"description\":\"\",\"potentialAction\":[{\"@type\":\"SearchAction\",\"target\":{\"@type\":\"EntryPoint\",\"urlTemplate\":\"https:\/\/sitesize.net\/lac\/?s={search_term_string}\"},\"query-input\":{\"@type\":\"PropertyValueSpecification\",\"valueRequired\":true,\"valueName\":\"search_term_string\"}}],\"inLanguage\":\"ca\"}]}<\/script>\n<!-- \/ Yoast SEO plugin. -->","yoast_head_json":{"title":"Contactar (pol\u00edtica de privacitat) - Laboratori d&#039;Aprenentatge Comunitari","robots":{"index":"index","follow":"follow","max-snippet":"max-snippet:-1","max-image-preview":"max-image-preview:large","max-video-preview":"max-video-preview:-1"},"canonical":"https:\/\/sitesize.net\/lac\/contactar-politica-de-privacitat\/","og_locale":"ca_ES","og_type":"article","og_title":"Contactar (pol\u00edtica de privacitat) - Laboratori d&#039;Aprenentatge Comunitari","og_description":"mail: info(a)sitesize.net Aquest \u00e9s el tractament de les teves dades personals,\u00a0 per adaptar la nostra pol\u00edtica de privacitat al nou...","og_url":"https:\/\/sitesize.net\/lac\/contactar-politica-de-privacitat\/","og_site_name":"Laboratori d&#039;Aprenentatge Comunitari","article_modified_time":"2021-07-15T16:18:04+00:00","twitter_card":"summary_large_image","twitter_misc":{"Est. reading time":"4 minuts"},"schema":{"@context":"https:\/\/schema.org","@graph":[{"@type":"WebPage","@id":"https:\/\/sitesize.net\/lac\/contactar-politica-de-privacitat\/","url":"https:\/\/sitesize.net\/lac\/contactar-politica-de-privacitat\/","name":"Contactar (pol\u00edtica de privacitat) - Laboratori d&#039;Aprenentatge Comunitari","isPartOf":{"@id":"https:\/\/sitesize.net\/lac\/#website"},"datePublished":"2018-05-03T20:47:00+00:00","dateModified":"2021-07-15T16:18:04+00:00","breadcrumb":{"@id":"https:\/\/sitesize.net\/lac\/contactar-politica-de-privacitat\/#breadcrumb"},"inLanguage":"ca","potentialAction":[{"@type":"ReadAction","target":["https:\/\/sitesize.net\/lac\/contactar-politica-de-privacitat\/"]}]},{"@type":"BreadcrumbList","@id":"https:\/\/sitesize.net\/lac\/contactar-politica-de-privacitat\/#breadcrumb","itemListElement":[{"@type":"ListItem","position":1,"name":"Home","item":"https:\/\/sitesize.net\/lac\/"},{"@type":"ListItem","position":2,"name":"Contactar (pol\u00edtica de privacitat)"}]},{"@type":"WebSite","@id":"https:\/\/sitesize.net\/lac\/#website","url":"https:\/\/sitesize.net\/lac\/","name":"Laboratori d&#039;Aprenentatge Comunitari","description":"","potentialAction":[{"@type":"SearchAction","target":{"@type":"EntryPoint","urlTemplate":"https:\/\/sitesize.net\/lac\/?s={search_term_string}"},"query-input":{"@type":"PropertyValueSpecification","valueRequired":true,"valueName":"search_term_string"}}],"inLanguage":"ca"}]}},"_links":{"self":[{"href":"https:\/\/sitesize.net\/lac\/wp-json\/wp\/v2\/pages\/101","targetHints":{"allow":["GET"]}}],"collection":[{"href":"https:\/\/sitesize.net\/lac\/wp-json\/wp\/v2\/pages"}],"about":[{"href":"https:\/\/sitesize.net\/lac\/wp-json\/wp\/v2\/types\/page"}],"author":[{"embeddable":true,"href":"https:\/\/sitesize.net\/lac\/wp-json\/wp\/v2\/users\/2"}],"replies":[{"embeddable":true,"href":"https:\/\/sitesize.net\/lac\/wp-json\/wp\/v2\/comments?post=101"}],"version-history":[{"count":2,"href":"https:\/\/sitesize.net\/lac\/wp-json\/wp\/v2\/pages\/101\/revisions"}],"predecessor-version":[{"id":546,"href":"https:\/\/sitesize.net\/lac\/wp-json\/wp\/v2\/pages\/101\/revisions\/546"}],"wp:attachment":[{"href":"https:\/\/sitesize.net\/lac\/wp-json\/wp\/v2\/media?parent=101"}],"curies":[{"name":"wp","href":"https:\/\/api.w.org\/{rel}","templated":true}]}}