{"id":463,"date":"2021-06-18T08:50:08","date_gmt":"2021-06-18T06:50:08","guid":{"rendered":"https:\/\/sitesize.net\/lac\/?page_id=463"},"modified":"2025-06-05T17:14:06","modified_gmt":"2025-06-05T15:14:06","slug":"home-3","status":"publish","type":"page","link":"https:\/\/sitesize.net\/lac\/","title":{"rendered":"LAC Actualitat"},"content":{"rendered":"\r\n<div class=\"gridview-posts-content\">\r\n\t    <div class=\"gridview-posts gridview-posts-grid\" style=\"position: relative; height: 1070.35px;\">\r\n    <div class=\"gridview-4-col-sizer\"><\/div>\r\n    <div class=\"gridview-4-col-gutter\"><\/div>\r\n\r\n\r\n\t\t\t<div id=\"post-347\" class=\"gridview-grid-post gridview-4-col\" style=\"position: absolute; left: 0%; top: 0px;\">\r\n<div class=\"gridview-grid-post-inside\">\r\n\r\n                <div class=\"gridview-grid-post-thumbnail\">\r\n\t\t\t\t\t\r\n\t\t\t\t\t\t<div><a href=\"https:\/\/sitesize.net\/lac\/noticia\/laudiovisual-loracle-i-les-correspondencies-a-la-web-del-lac\/\"><img loading=\"lazy\" decoding=\"async\" width=\"300\" height=\"187\" src=\"https:\/\/sitesize.net\/lac\/wp-content\/uploads\/sites\/17\/2021\/05\/grup-premonicions-w-300x187.png\" class=\"attachment-medium size-medium\" alt=\"\" srcset=\"https:\/\/sitesize.net\/lac\/wp-content\/uploads\/sites\/17\/2021\/05\/grup-premonicions-w-300x187.png 300w, https:\/\/sitesize.net\/lac\/wp-content\/uploads\/sites\/17\/2021\/05\/grup-premonicions-w.png 567w\" sizes=\"auto, (max-width: 300px) 100vw, 300px\" \/><\/a><\/div>\r\n\r\n\r\n            <\/div>\r\n        \r\n    <div class=\"gridview-grid-post-details\">\r\n    <h3 class=\"gridview-grid-post-title\"><a href=\"https:\/\/sitesize.net\/lac\/noticia\/laudiovisual-loracle-i-les-correspondencies-a-la-web-del-lac\/\">L&#8217;audiovisual L&#8217;Oracle i les Correspond\u00e8ncies a la web del LAC<\/a><\/h3>\r\n    <div class=\"gridview-grid-post-snippet\"><div class=\"gridview-grid-post-snippet-inside\"><p>A inicis de 2018 el LAC va posar en marxa la pr\u00e0ctica creativa de les Correspond\u00e8ncies. A trav\u00e9s d'elles, propos\u00e0vem&hellip;<\/p>\r\n<\/div><\/div>    <\/div>\r\n\r\n                <div class=\"gridview-grid-post-footer\">\r\n    <div class=\"gridview-grid-post-footer-inside\">\r\n        <span class=\"gridview-grid-post-date gridview-grid-post-meta\">2018-12-13 09:52<\/span>        <\/div>\r\n    <\/div>\r\n    \r\n<\/div>\r\n<\/div>\r\n\r\n\r\n\r\n\r\n\t\t\t<div id=\"post-434\" class=\"gridview-grid-post gridview-4-col\" style=\"position: absolute; left: 0%; top: 0px;\">\r\n<div class=\"gridview-grid-post-inside\">\r\n\r\n                <div class=\"gridview-grid-post-thumbnail\">\r\n\t\t\t\t\t\r\n\t\t\t\t\t\t<div><a href=\"https:\/\/sitesize.net\/lac\/noticia\/premonicions-del-treball-comunitari-un-oracle-en-viu-2\/\"><img loading=\"lazy\" decoding=\"async\" width=\"300\" height=\"150\" src=\"https:\/\/sitesize.net\/lac\/wp-content\/uploads\/sites\/17\/2021\/05\/lac-correspondencies-300x150.jpg\" class=\"attachment-medium size-medium\" alt=\"\" srcset=\"https:\/\/sitesize.net\/lac\/wp-content\/uploads\/sites\/17\/2021\/05\/lac-correspondencies-300x150.jpg 300w, https:\/\/sitesize.net\/lac\/wp-content\/uploads\/sites\/17\/2021\/05\/lac-correspondencies.jpg 700w\" sizes=\"auto, (max-width: 300px) 100vw, 300px\" \/><\/a><\/div>\r\n\r\n\r\n            <\/div>\r\n        \r\n    <div class=\"gridview-grid-post-details\">\r\n    <h3 class=\"gridview-grid-post-title\"><a href=\"https:\/\/sitesize.net\/lac\/noticia\/premonicions-del-treball-comunitari-un-oracle-en-viu-2\/\">Premonicions del treball comunitari. Un oracle en viu<\/a><\/h3>\r\n    <div class=\"gridview-grid-post-snippet\"><div class=\"gridview-grid-post-snippet-inside\"><p>Divendres 6 de juliol a La Virreina Centre de la Imatge Aquesta \u00e9s una invitaci\u00f3 per a celebrar i compartir&hellip;<\/p>\r\n<\/div><\/div>    <\/div>\r\n\r\n                <div class=\"gridview-grid-post-footer\">\r\n    <div class=\"gridview-grid-post-footer-inside\">\r\n        <span class=\"gridview-grid-post-date gridview-grid-post-meta\">2018-06-19 06:09<\/span>        <\/div>\r\n    <\/div>\r\n    \r\n<\/div>\r\n<\/div>\r\n\r\n\r\n\r\n\r\n\t\t\t<div id=\"post-338\" class=\"gridview-grid-post gridview-4-col\" style=\"position: absolute; left: 0%; top: 0px;\">\r\n<div class=\"gridview-grid-post-inside\">\r\n\r\n                <div class=\"gridview-grid-post-thumbnail\">\r\n\t\t\t\t\t\r\n\t\t\t\t\t\t<div><a href=\"https:\/\/sitesize.net\/lac\/noticia\/agora-taller-ecotopic-23a-fira-de-la-terra\/\"><img loading=\"lazy\" decoding=\"async\" width=\"300\" height=\"179\" src=\"https:\/\/sitesize.net\/lac\/wp-content\/uploads\/sites\/17\/2021\/05\/fira-de-la-terra-2018-lac-2-300x179.jpg\" class=\"attachment-medium size-medium\" alt=\"\" srcset=\"https:\/\/sitesize.net\/lac\/wp-content\/uploads\/sites\/17\/2021\/05\/fira-de-la-terra-2018-lac-2-300x179.jpg 300w, https:\/\/sitesize.net\/lac\/wp-content\/uploads\/sites\/17\/2021\/05\/fira-de-la-terra-2018-lac-2-768x458.jpg 768w, https:\/\/sitesize.net\/lac\/wp-content\/uploads\/sites\/17\/2021\/05\/fira-de-la-terra-2018-lac-2.jpg 1024w\" sizes=\"auto, (max-width: 300px) 100vw, 300px\" \/><\/a><\/div>\r\n\r\n\r\n            <\/div>\r\n        \r\n    <div class=\"gridview-grid-post-details\">\r\n    <h3 class=\"gridview-grid-post-title\"><a href=\"https:\/\/sitesize.net\/lac\/noticia\/agora-taller-ecotopic-23a-fira-de-la-terra\/\">\u00c0gora \u2013 Taller Ecot\u00f2pic \/\/ 23a Fira de la Terra<\/a><\/h3>\r\n    <div class=\"gridview-grid-post-snippet\"><div class=\"gridview-grid-post-snippet-inside\"><p>Diumenge, 22 d'abrilde 12h a 14hLloc: Pla\u00e7a Major de Nou BarrisAvantsala \u00c0gores - Reconeixent el teixitVolem compartir amb els participants&hellip;<\/p>\r\n<\/div><\/div>    <\/div>\r\n\r\n                <div class=\"gridview-grid-post-footer\">\r\n    <div class=\"gridview-grid-post-footer-inside\">\r\n        <span class=\"gridview-grid-post-date gridview-grid-post-meta\">2018-04-18 09:40<\/span>        <\/div>\r\n    <\/div>\r\n    \r\n<\/div>\r\n<\/div>\r\n\r\n\r\n\r\n\r\n\t\t\t<div id=\"post-340\" class=\"gridview-grid-post gridview-4-col\" style=\"position: absolute; left: 0%; top: 0px;\">\r\n<div class=\"gridview-grid-post-inside\">\r\n\r\n                <div class=\"gridview-grid-post-thumbnail\">\r\n\t\t\t\t\t\r\n\t\t\t\t\t\t<div><a href=\"https:\/\/sitesize.net\/lac\/noticia\/ofrena-a-la-terra-23a-fira-de-la-terra\/\"><img loading=\"lazy\" decoding=\"async\" width=\"300\" height=\"229\" src=\"https:\/\/sitesize.net\/lac\/wp-content\/uploads\/sites\/17\/2021\/05\/ofrenda_a_la_tierra-w-300x229.jpg\" class=\"attachment-medium size-medium\" alt=\"\" srcset=\"https:\/\/sitesize.net\/lac\/wp-content\/uploads\/sites\/17\/2021\/05\/ofrenda_a_la_tierra-w-300x229.jpg 300w, https:\/\/sitesize.net\/lac\/wp-content\/uploads\/sites\/17\/2021\/05\/ofrenda_a_la_tierra-w.jpg 650w\" sizes=\"auto, (max-width: 300px) 100vw, 300px\" \/><\/a><\/div>\r\n\r\n\r\n            <\/div>\r\n        \r\n    <div class=\"gridview-grid-post-details\">\r\n    <h3 class=\"gridview-grid-post-title\"><a href=\"https:\/\/sitesize.net\/lac\/noticia\/ofrena-a-la-terra-23a-fira-de-la-terra\/\">Ofrena a la Terra \/\/ 23a Fira de la Terra<\/a><\/h3>\r\n    <div class=\"gridview-grid-post-snippet\"><div class=\"gridview-grid-post-snippet-inside\"><p>Diumenge, 22 d'abrilde 16h a 18hOfrena a la TerraElvira Pujol MasipCerim\u00f2nia \u2013 acci\u00f3Lloc: Parc Central de Nou Barris - \u00c0gores&hellip;<\/p>\r\n<\/div><\/div>    <\/div>\r\n\r\n                <div class=\"gridview-grid-post-footer\">\r\n    <div class=\"gridview-grid-post-footer-inside\">\r\n        <span class=\"gridview-grid-post-date gridview-grid-post-meta\">2018-04-18 09:42<\/span>        <\/div>\r\n    <\/div>\r\n    \r\n<\/div>\r\n<\/div>\r\n\r\n\r\n\r\n\r\n\t\t\t<div id=\"post-322\" class=\"gridview-grid-post gridview-4-col\" style=\"position: absolute; left: 0%; top: 0px;\">\r\n<div class=\"gridview-grid-post-inside\">\r\n\r\n                <div class=\"gridview-grid-post-thumbnail\">\r\n\t\t\t\t\t\r\n\t\t\t\t\t\t<div><a href=\"https:\/\/sitesize.net\/lac\/noticia\/mes-accions-ecotopiques-taller-construint-ecotopia\/\"><\/a><\/div>\r\n\r\n\r\n            <\/div>\r\n        \r\n    <div class=\"gridview-grid-post-details\">\r\n    <h3 class=\"gridview-grid-post-title\"><a href=\"https:\/\/sitesize.net\/lac\/noticia\/mes-accions-ecotopiques-taller-construint-ecotopia\/\">M\u00e9s accions ecot\u00f2piques.  Taller Construint Ecotopia<\/a><\/h3>\r\n    <div class=\"gridview-grid-post-snippet\"><div class=\"gridview-grid-post-snippet-inside\"><p>Hem concl\u00f2s el Taller Construint Ecotopia i experimentem en aquest moment una sensaci\u00f3 d'obertura i la necessitat de noves conflu\u00e8ncies.&hellip;<\/p>\r\n<\/div><\/div>    <\/div>\r\n\r\n                <div class=\"gridview-grid-post-footer\">\r\n    <div class=\"gridview-grid-post-footer-inside\">\r\n        <span class=\"gridview-grid-post-date gridview-grid-post-meta\">2018-03-27 09:23<\/span>        <\/div>\r\n    <\/div>\r\n    \r\n<\/div>\r\n<\/div>\r\n\r\n\r\n\r\n\r\n\t\t\t<div id=\"post-298\" class=\"gridview-grid-post gridview-4-col\" style=\"position: absolute; left: 0%; top: 0px;\">\r\n<div class=\"gridview-grid-post-inside\">\r\n\r\n                <div class=\"gridview-grid-post-thumbnail\">\r\n\t\t\t\t\t\r\n\t\t\t\t\t\t<div><a href=\"https:\/\/sitesize.net\/lac\/noticia\/ecologies-mutants-en-lart-contemporani\/\"><img loading=\"lazy\" decoding=\"async\" width=\"300\" height=\"211\" src=\"https:\/\/sitesize.net\/lac\/wp-content\/uploads\/sites\/17\/2021\/05\/presentacio_macba_web-300x211.jpg\" class=\"attachment-medium size-medium\" alt=\"\" srcset=\"https:\/\/sitesize.net\/lac\/wp-content\/uploads\/sites\/17\/2021\/05\/presentacio_macba_web-300x211.jpg 300w, https:\/\/sitesize.net\/lac\/wp-content\/uploads\/sites\/17\/2021\/05\/presentacio_macba_web.jpg 700w\" sizes=\"auto, (max-width: 300px) 100vw, 300px\" \/><\/a><\/div>\r\n\r\n\r\n            <\/div>\r\n        \r\n    <div class=\"gridview-grid-post-details\">\r\n    <h3 class=\"gridview-grid-post-title\"><a href=\"https:\/\/sitesize.net\/lac\/noticia\/ecologies-mutants-en-lart-contemporani\/\">Ecologies mutants en l&#8217;art contemporani<\/a><\/h3>\r\n    <div class=\"gridview-grid-post-snippet\"><div class=\"gridview-grid-post-snippet-inside\"><p>El passat 21 de febrer vam tenir el plaer de presentar al seminari Mutating ecologies in contemporary art. El LAC&hellip;<\/p>\r\n<\/div><\/div>    <\/div>\r\n\r\n                <div class=\"gridview-grid-post-footer\">\r\n    <div class=\"gridview-grid-post-footer-inside\">\r\n        <span class=\"gridview-grid-post-date gridview-grid-post-meta\">2018-02-28 08:23<\/span>        <\/div>\r\n    <\/div>\r\n    \r\n<\/div>\r\n<\/div>\r\n\r\n\r\n\r\n\r\n\t\t\t<div id=\"post-342\" class=\"gridview-grid-post gridview-4-col\" style=\"position: absolute; left: 0%; top: 0px;\">\r\n<div class=\"gridview-grid-post-inside\">\r\n\r\n                <div class=\"gridview-grid-post-thumbnail\">\r\n\t\t\t\t\t\r\n\t\t\t\t\t\t<div><a href=\"https:\/\/sitesize.net\/lac\/noticia\/llum-al-portal-de-larc\/\"><img loading=\"lazy\" decoding=\"async\" width=\"300\" height=\"169\" src=\"https:\/\/sitesize.net\/lac\/wp-content\/uploads\/sites\/17\/2021\/05\/img_7009-w-300x169.jpg\" class=\"attachment-medium size-medium\" alt=\"\" srcset=\"https:\/\/sitesize.net\/lac\/wp-content\/uploads\/sites\/17\/2021\/05\/img_7009-w-300x169.jpg 300w, https:\/\/sitesize.net\/lac\/wp-content\/uploads\/sites\/17\/2021\/05\/img_7009-w.jpg 600w\" sizes=\"auto, (max-width: 300px) 100vw, 300px\" \/><\/a><\/div>\r\n\r\n\r\n            <\/div>\r\n        \r\n    <div class=\"gridview-grid-post-details\">\r\n    <h3 class=\"gridview-grid-post-title\"><a href=\"https:\/\/sitesize.net\/lac\/noticia\/llum-al-portal-de-larc\/\">LLUM * al portal de l&#8217;Arc<\/a><\/h3>\r\n    <div class=\"gridview-grid-post-snippet\"><div class=\"gridview-grid-post-snippet-inside\"><p>Durant una mitja hora vam poder donar un gir al portal de l'Arc i convocar de manera espont\u00e0nia al silenci&hellip;<\/p>\r\n<\/div><\/div>    <\/div>\r\n\r\n                <div class=\"gridview-grid-post-footer\">\r\n    <div class=\"gridview-grid-post-footer-inside\">\r\n        <span class=\"gridview-grid-post-date gridview-grid-post-meta\">2018-02-22 09:44<\/span>        <\/div>\r\n    <\/div>\r\n    \r\n<\/div>\r\n<\/div>\r\n\r\n\r\n\r\n\r\n\t\t\t<div id=\"post-300\" class=\"gridview-grid-post gridview-4-col\" style=\"position: absolute; left: 0%; top: 0px;\">\r\n<div class=\"gridview-grid-post-inside\">\r\n\r\n                <div class=\"gridview-grid-post-thumbnail\">\r\n\t\t\t\t\t\r\n\t\t\t\t\t\t<div><a href=\"https:\/\/sitesize.net\/lac\/noticia\/escenaris-de-lecotopia\/\"><img loading=\"lazy\" decoding=\"async\" width=\"300\" height=\"179\" src=\"https:\/\/sitesize.net\/lac\/wp-content\/uploads\/sites\/17\/2021\/05\/ecotopia-canmasdeu-018-300x179.jpg\" class=\"attachment-medium size-medium\" alt=\"\" srcset=\"https:\/\/sitesize.net\/lac\/wp-content\/uploads\/sites\/17\/2021\/05\/ecotopia-canmasdeu-018-300x179.jpg 300w, https:\/\/sitesize.net\/lac\/wp-content\/uploads\/sites\/17\/2021\/05\/ecotopia-canmasdeu-018-768x458.jpg 768w, https:\/\/sitesize.net\/lac\/wp-content\/uploads\/sites\/17\/2021\/05\/ecotopia-canmasdeu-018.jpg 1024w\" sizes=\"auto, (max-width: 300px) 100vw, 300px\" \/><\/a><\/div>\r\n\r\n\r\n            <\/div>\r\n        \r\n    <div class=\"gridview-grid-post-details\">\r\n    <h3 class=\"gridview-grid-post-title\"><a href=\"https:\/\/sitesize.net\/lac\/noticia\/escenaris-de-lecotopia\/\">Escenaris de l&#8217;ecotopia<\/a><\/h3>\r\n    <div class=\"gridview-grid-post-snippet\"><div class=\"gridview-grid-post-snippet-inside\"><p>L'escenari d'aquest intercanvi era sens dubte el m\u00e9s adequat per la sessi\u00f3 de retorn comunitari del taller d'Ecotopia. Vam passar&hellip;<\/p>\r\n<\/div><\/div>    <\/div>\r\n\r\n                <div class=\"gridview-grid-post-footer\">\r\n    <div class=\"gridview-grid-post-footer-inside\">\r\n        <span class=\"gridview-grid-post-date gridview-grid-post-meta\">2018-02-19 08:26<\/span>        <\/div>\r\n    <\/div>\r\n    \r\n<\/div>\r\n<\/div>\r\n\r\n\r\n\r\n\r\n\t\t\t<div id=\"post-330\" class=\"gridview-grid-post gridview-4-col\" style=\"position: absolute; left: 0%; top: 0px;\">\r\n<div class=\"gridview-grid-post-inside\">\r\n\r\n                <div class=\"gridview-grid-post-thumbnail\">\r\n\t\t\t\t\t\r\n\t\t\t\t\t\t<div><a href=\"https:\/\/sitesize.net\/lac\/noticia\/en-o-b-e-r-t-2-memories-reversibles\/\"><img loading=\"lazy\" decoding=\"async\" width=\"300\" height=\"179\" src=\"https:\/\/sitesize.net\/lac\/wp-content\/uploads\/sites\/17\/2021\/05\/enobert-reversible-3-300x179.jpg\" class=\"attachment-medium size-medium\" alt=\"\" srcset=\"https:\/\/sitesize.net\/lac\/wp-content\/uploads\/sites\/17\/2021\/05\/enobert-reversible-3-300x179.jpg 300w, https:\/\/sitesize.net\/lac\/wp-content\/uploads\/sites\/17\/2021\/05\/enobert-reversible-3-768x458.jpg 768w, https:\/\/sitesize.net\/lac\/wp-content\/uploads\/sites\/17\/2021\/05\/enobert-reversible-3.jpg 1024w\" sizes=\"auto, (max-width: 300px) 100vw, 300px\" \/><\/a><\/div>\r\n\r\n\r\n            <\/div>\r\n        \r\n    <div class=\"gridview-grid-post-details\">\r\n    <h3 class=\"gridview-grid-post-title\"><a href=\"https:\/\/sitesize.net\/lac\/noticia\/en-o-b-e-r-t-2-memories-reversibles\/\">en O B E R T 2 \/\/ Mem\u00f2ries Reversibles<\/a><\/h3>\r\n    <div class=\"gridview-grid-post-snippet\"><div class=\"gridview-grid-post-snippet-inside\"><p>Mem\u00f2ries Reversibles Laboratorio Reversible Divendres 2 de febrer, de 18.30 a 20.30 h El col\u00b7lectiu Laboratorio Reversible va presentar p\u00fablicament&hellip;<\/p>\r\n<\/div><\/div>    <\/div>\r\n\r\n                <div class=\"gridview-grid-post-footer\">\r\n    <div class=\"gridview-grid-post-footer-inside\">\r\n        <span class=\"gridview-grid-post-date gridview-grid-post-meta\">2018-02-12 09:30<\/span>        <\/div>\r\n    <\/div>\r\n    \r\n<\/div>\r\n<\/div>\r\n\r\n\r\n\r\n\r\n\t\t\t<div id=\"post-308\" class=\"gridview-grid-post gridview-4-col\" style=\"position: absolute; left: 0%; top: 0px;\">\r\n<div class=\"gridview-grid-post-inside\">\r\n\r\n                <div class=\"gridview-grid-post-thumbnail\">\r\n\t\t\t\t\t\r\n\t\t\t\t\t\t<div><a href=\"https:\/\/sitesize.net\/lac\/noticia\/en-o-b-e-r-t-2-radio-cava-ret-escolta-en-moviment\/\"><img loading=\"lazy\" decoding=\"async\" width=\"300\" height=\"179\" src=\"https:\/\/sitesize.net\/lac\/wp-content\/uploads\/sites\/17\/2021\/05\/enobert2-radiocv-1-300x179.jpg\" class=\"attachment-medium size-medium\" alt=\"\" srcset=\"https:\/\/sitesize.net\/lac\/wp-content\/uploads\/sites\/17\/2021\/05\/enobert2-radiocv-1-300x179.jpg 300w, https:\/\/sitesize.net\/lac\/wp-content\/uploads\/sites\/17\/2021\/05\/enobert2-radiocv-1-768x458.jpg 768w, https:\/\/sitesize.net\/lac\/wp-content\/uploads\/sites\/17\/2021\/05\/enobert2-radiocv-1.jpg 1024w\" sizes=\"auto, (max-width: 300px) 100vw, 300px\" \/><\/a><\/div>\r\n\r\n\r\n            <\/div>\r\n        \r\n    <div class=\"gridview-grid-post-details\">\r\n    <h3 class=\"gridview-grid-post-title\"><a href=\"https:\/\/sitesize.net\/lac\/noticia\/en-o-b-e-r-t-2-radio-cava-ret-escolta-en-moviment\/\">en O B E R T 2 \/\/ R\u00e0dio Cava-ret &#8211; Escolta en moviment<\/a><\/h3>\r\n    <div class=\"gridview-grid-post-snippet\"><div class=\"gridview-grid-post-snippet-inside\"><p>En Obert Vivers d'aprenentatge gener 2018 R\u00e0dio Cava-ret. Consultori de la Senyoreta B. Escolta en moviment Dimecres 31 de gener,&hellip;<\/p>\r\n<\/div><\/div>    <\/div>\r\n\r\n                <div class=\"gridview-grid-post-footer\">\r\n    <div class=\"gridview-grid-post-footer-inside\">\r\n        <span class=\"gridview-grid-post-date gridview-grid-post-meta\">2018-02-12 08:38<\/span>        <\/div>\r\n    <\/div>\r\n    \r\n<\/div>\r\n<\/div>\r\n\r\n\r\n\r\n\r\n\t\t\t<div id=\"post-306\" class=\"gridview-grid-post gridview-4-col\" style=\"position: absolute; left: 0%; top: 0px;\">\r\n<div class=\"gridview-grid-post-inside\">\r\n\r\n                <div class=\"gridview-grid-post-thumbnail\">\r\n\t\t\t\t\t\r\n\t\t\t\t\t\t<div><a href=\"https:\/\/sitesize.net\/lac\/noticia\/en-o-b-e-r-t-2-suversion-en-obert\/\"><img loading=\"lazy\" decoding=\"async\" width=\"300\" height=\"225\" src=\"https:\/\/sitesize.net\/lac\/wp-content\/uploads\/sites\/17\/2021\/05\/filminuto_en_obert-2-300x225.jpg\" class=\"attachment-medium size-medium\" alt=\"\" srcset=\"https:\/\/sitesize.net\/lac\/wp-content\/uploads\/sites\/17\/2021\/05\/filminuto_en_obert-2-300x225.jpg 300w, https:\/\/sitesize.net\/lac\/wp-content\/uploads\/sites\/17\/2021\/05\/filminuto_en_obert-2-768x576.jpg 768w, https:\/\/sitesize.net\/lac\/wp-content\/uploads\/sites\/17\/2021\/05\/filminuto_en_obert-2.jpg 1000w\" sizes=\"auto, (max-width: 300px) 100vw, 300px\" \/><\/a><\/div>\r\n\r\n\r\n            <\/div>\r\n        \r\n    <div class=\"gridview-grid-post-details\">\r\n    <h3 class=\"gridview-grid-post-title\"><a href=\"https:\/\/sitesize.net\/lac\/noticia\/en-o-b-e-r-t-2-suversion-en-obert\/\">en O B E R T 2 \/\/ Suversi\u00f3n en Obert<\/a><\/h3>\r\n    <div class=\"gridview-grid-post-snippet\"><div class=\"gridview-grid-post-snippet-inside\"><p>Suversi\u00f3n ens va sorprendre amb una mostra de cinema experimental colombi\u00e0. La sessi\u00f3 va presentar filmografia de gran qualitat, la&hellip;<\/p>\r\n<\/div><\/div>    <\/div>\r\n\r\n                <div class=\"gridview-grid-post-footer\">\r\n    <div class=\"gridview-grid-post-footer-inside\">\r\n        <span class=\"gridview-grid-post-date gridview-grid-post-meta\">2018-02-12 08:35<\/span>        <\/div>\r\n    <\/div>\r\n    \r\n<\/div>\r\n<\/div>\r\n\r\n\r\n\r\n\r\n\t\t\t<div id=\"post-304\" class=\"gridview-grid-post gridview-4-col\" style=\"position: absolute; left: 0%; top: 0px;\">\r\n<div class=\"gridview-grid-post-inside\">\r\n\r\n                <div class=\"gridview-grid-post-thumbnail\">\r\n\t\t\t\t\t\r\n\t\t\t\t\t\t<div><a href=\"https:\/\/sitesize.net\/lac\/noticia\/l-l-u-m-l-u-z-accio-performativa-2\/\"><img loading=\"lazy\" decoding=\"async\" width=\"300\" height=\"179\" src=\"https:\/\/sitesize.net\/lac\/wp-content\/uploads\/sites\/17\/2021\/05\/luz2_0-300x179.jpg\" class=\"attachment-medium size-medium\" alt=\"\" srcset=\"https:\/\/sitesize.net\/lac\/wp-content\/uploads\/sites\/17\/2021\/05\/luz2_0-300x179.jpg 300w, https:\/\/sitesize.net\/lac\/wp-content\/uploads\/sites\/17\/2021\/05\/luz2_0-768x458.jpg 768w, https:\/\/sitesize.net\/lac\/wp-content\/uploads\/sites\/17\/2021\/05\/luz2_0.jpg 977w\" sizes=\"auto, (max-width: 300px) 100vw, 300px\" \/><\/a><\/div>\r\n\r\n\r\n            <\/div>\r\n        \r\n    <div class=\"gridview-grid-post-details\">\r\n    <h3 class=\"gridview-grid-post-title\"><a href=\"https:\/\/sitesize.net\/lac\/noticia\/l-l-u-m-l-u-z-accio-performativa-2\/\">L L U M  *  L U Z  &#8211;  Acci\u00f3 performativa (2)<\/a><\/h3>\r\n    <div class=\"gridview-grid-post-snippet\"><div class=\"gridview-grid-post-snippet-inside\"><p>L'Arc de Triomf (Barcelona) Diumenge 18 de febrer a les 18h El lloc proposat \u00e9s l'Arc de Triomf. Constru\u00eft com&hellip;<\/p>\r\n<\/div><\/div>    <\/div>\r\n\r\n                <div class=\"gridview-grid-post-footer\">\r\n    <div class=\"gridview-grid-post-footer-inside\">\r\n        <span class=\"gridview-grid-post-date gridview-grid-post-meta\">2018-02-10 08:31<\/span>        <\/div>\r\n    <\/div>\r\n    \r\n<\/div>\r\n<\/div>\r\n\r\n\r\n\r\n\t\t\t\t<\/div>\r\n<\/div>\r\n<div class=\"navigation pagination\"><div class=\"nav-links\"><span   class=\"page-numbers current\">1<\/span><a href=\"\/lac\/wp-json\/wp\/v2\/pages\/463?pg=2\" class=\"page-numbers\">2<\/a><a href=\"\/lac\/wp-json\/wp\/v2\/pages\/463?pg=3\" class=\"page-numbers\">3<\/a><\/div><\/div>\n","protected":false},"excerpt":{"rendered":"","protected":false},"author":2,"featured_media":0,"parent":0,"menu_order":0,"comment_status":"closed","ping_status":"closed","template":"template-full-width-page.php","meta":{"footnotes":""},"class_list":["post-463","page","type-page","status-publish","hentry"],"yoast_head":"<!-- This site is optimized with the Yoast SEO plugin v27.1.1 - https:\/\/yoast.com\/product\/yoast-seo-wordpress\/ -->\n<title>LAC Actualitat - Laboratori d&#039;Aprenentatge Comunitari<\/title>\n<meta name=\"robots\" content=\"index, follow, max-snippet:-1, max-image-preview:large, max-video-preview:-1\" \/>\n<link rel=\"canonical\" href=\"https:\/\/sitesize.net\/lac\/\" \/>\n<meta property=\"og:locale\" content=\"ca_ES\" \/>\n<meta property=\"og:type\" content=\"article\" \/>\n<meta property=\"og:title\" content=\"LAC Actualitat - Laboratori d&#039;Aprenentatge Comunitari\" \/>\n<meta property=\"og:url\" content=\"https:\/\/sitesize.net\/lac\/\" \/>\n<meta property=\"og:site_name\" content=\"Laboratori d&#039;Aprenentatge Comunitari\" \/>\n<meta property=\"article:modified_time\" content=\"2025-06-05T15:14:06+00:00\" \/>\n<meta name=\"twitter:card\" content=\"summary_large_image\" \/>\n<script type=\"application\/ld+json\" class=\"yoast-schema-graph\">{\"@context\":\"https:\/\/schema.org\",\"@graph\":[{\"@type\":\"WebPage\",\"@id\":\"https:\/\/sitesize.net\/lac\/\",\"url\":\"https:\/\/sitesize.net\/lac\/\",\"name\":\"LAC Actualitat - Laboratori d&#039;Aprenentatge Comunitari\",\"isPartOf\":{\"@id\":\"https:\/\/sitesize.net\/lac\/#website\"},\"datePublished\":\"2021-06-18T06:50:08+00:00\",\"dateModified\":\"2025-06-05T15:14:06+00:00\",\"breadcrumb\":{\"@id\":\"https:\/\/sitesize.net\/lac\/#breadcrumb\"},\"inLanguage\":\"ca\",\"potentialAction\":[{\"@type\":\"ReadAction\",\"target\":[\"https:\/\/sitesize.net\/lac\/\"]}]},{\"@type\":\"BreadcrumbList\",\"@id\":\"https:\/\/sitesize.net\/lac\/#breadcrumb\",\"itemListElement\":[{\"@type\":\"ListItem\",\"position\":1,\"name\":\"Home\",\"item\":\"https:\/\/sitesize.net\/lac\/\"},{\"@type\":\"ListItem\",\"position\":2,\"name\":\"LAC Actualitat\"}]},{\"@type\":\"WebSite\",\"@id\":\"https:\/\/sitesize.net\/lac\/#website\",\"url\":\"https:\/\/sitesize.net\/lac\/\",\"name\":\"Laboratori d&#039;Aprenentatge Comunitari\",\"description\":\"\",\"potentialAction\":[{\"@type\":\"SearchAction\",\"target\":{\"@type\":\"EntryPoint\",\"urlTemplate\":\"https:\/\/sitesize.net\/lac\/?s={search_term_string}\"},\"query-input\":{\"@type\":\"PropertyValueSpecification\",\"valueRequired\":true,\"valueName\":\"search_term_string\"}}],\"inLanguage\":\"ca\"}]}<\/script>\n<!-- \/ Yoast SEO plugin. -->","yoast_head_json":{"title":"LAC Actualitat - Laboratori d&#039;Aprenentatge Comunitari","robots":{"index":"index","follow":"follow","max-snippet":"max-snippet:-1","max-image-preview":"max-image-preview:large","max-video-preview":"max-video-preview:-1"},"canonical":"https:\/\/sitesize.net\/lac\/","og_locale":"ca_ES","og_type":"article","og_title":"LAC Actualitat - Laboratori d&#039;Aprenentatge Comunitari","og_url":"https:\/\/sitesize.net\/lac\/","og_site_name":"Laboratori d&#039;Aprenentatge Comunitari","article_modified_time":"2025-06-05T15:14:06+00:00","twitter_card":"summary_large_image","schema":{"@context":"https:\/\/schema.org","@graph":[{"@type":"WebPage","@id":"https:\/\/sitesize.net\/lac\/","url":"https:\/\/sitesize.net\/lac\/","name":"LAC Actualitat - Laboratori d&#039;Aprenentatge Comunitari","isPartOf":{"@id":"https:\/\/sitesize.net\/lac\/#website"},"datePublished":"2021-06-18T06:50:08+00:00","dateModified":"2025-06-05T15:14:06+00:00","breadcrumb":{"@id":"https:\/\/sitesize.net\/lac\/#breadcrumb"},"inLanguage":"ca","potentialAction":[{"@type":"ReadAction","target":["https:\/\/sitesize.net\/lac\/"]}]},{"@type":"BreadcrumbList","@id":"https:\/\/sitesize.net\/lac\/#breadcrumb","itemListElement":[{"@type":"ListItem","position":1,"name":"Home","item":"https:\/\/sitesize.net\/lac\/"},{"@type":"ListItem","position":2,"name":"LAC Actualitat"}]},{"@type":"WebSite","@id":"https:\/\/sitesize.net\/lac\/#website","url":"https:\/\/sitesize.net\/lac\/","name":"Laboratori d&#039;Aprenentatge Comunitari","description":"","potentialAction":[{"@type":"SearchAction","target":{"@type":"EntryPoint","urlTemplate":"https:\/\/sitesize.net\/lac\/?s={search_term_string}"},"query-input":{"@type":"PropertyValueSpecification","valueRequired":true,"valueName":"search_term_string"}}],"inLanguage":"ca"}]}},"_links":{"self":[{"href":"https:\/\/sitesize.net\/lac\/wp-json\/wp\/v2\/pages\/463","targetHints":{"allow":["GET"]}}],"collection":[{"href":"https:\/\/sitesize.net\/lac\/wp-json\/wp\/v2\/pages"}],"about":[{"href":"https:\/\/sitesize.net\/lac\/wp-json\/wp\/v2\/types\/page"}],"author":[{"embeddable":true,"href":"https:\/\/sitesize.net\/lac\/wp-json\/wp\/v2\/users\/2"}],"replies":[{"embeddable":true,"href":"https:\/\/sitesize.net\/lac\/wp-json\/wp\/v2\/comments?post=463"}],"version-history":[{"count":31,"href":"https:\/\/sitesize.net\/lac\/wp-json\/wp\/v2\/pages\/463\/revisions"}],"predecessor-version":[{"id":558,"href":"https:\/\/sitesize.net\/lac\/wp-json\/wp\/v2\/pages\/463\/revisions\/558"}],"wp:attachment":[{"href":"https:\/\/sitesize.net\/lac\/wp-json\/wp\/v2\/media?parent=463"}],"curies":[{"name":"wp","href":"https:\/\/api.w.org\/{rel}","templated":true}]}}